{"id":17702,"date":"2026-01-15T20:13:36","date_gmt":"2026-01-15T18:13:36","guid":{"rendered":"https:\/\/religionstars.com\/star\/jose-antonio-primo-de-rivera\/"},"modified":"2026-01-15T20:13:36","modified_gmt":"2026-01-15T18:13:36","slug":"jose-antonio-primo-de-rivera","status":"publish","type":"star","link":"https:\/\/religionstars.com\/pt-br\/star\/jose-antonio-primo-de-rivera\/","title":{"rendered":"Jos\u00e9 Antonio Primo de Rivera"},"content":{"rendered":"","protected":false},"excerpt":{"rendered":"","protected":false},"featured_media":0,"template":"","meta":{"_acf_changed":false,"_kad_blocks_custom_css":"","_kad_blocks_head_custom_js":"","_kad_blocks_body_custom_js":"","_kad_blocks_footer_custom_js":"","_kadence_starter_templates_imported_post":false,"_kad_post_transparent":"","_kad_post_title":"","_kad_post_layout":"","_kad_post_sidebar_id":"","_kad_post_content_style":"","_kad_post_vertical_padding":"","_kad_post_feature":"","_kad_post_feature_position":"","_kad_post_header":false,"_kad_post_footer":false,"_kad_post_classname":""},"pays":[550],"religion":[497],"type-celebrite":[618],"class_list":["post-17702","star","type-star","status-publish","hentry","pays-espanha","religion-nao-especificado","type-celebrite-politica"],"acf":{"justification":"Jos\u00e9 Antonio Primo de Rivera era um pol\u00edtico espanhol, fundador da falange espanhola. Sua origem familiar \u00e9 not\u00e1vel, pois era filho de Miguel Primo de Rivera, um ditador espanhol. Embora tenha sido criado em um ambiente cat\u00f3lico, n\u00e3o h\u00e1 declara\u00e7\u00e3o oficial ou prova clara de sua pr\u00e1tica religiosa, o que torna sua religi\u00e3o imprecisa.","statut_confirmation":"n\u00e3o_confirmado"},"yoast_head":"<!-- This site is optimized with the Yoast SEO plugin v27.5 - https:\/\/yoast.com\/product\/yoast-seo-wordpress\/ -->\n<title>Religi\u00e3o de Jos\u00e9 Antonio Primo de Rivera<\/title>\n<meta name=\"description\" content=\"Descubra a religi\u00e3o de Jos\u00e9 Antonio Primo de Rivera. Informa\u00e7\u00f5es sobre as cren\u00e7as religiosas desta celebridade no ReligionStars.\" \/>\n<meta name=\"robots\" content=\"index, follow, max-snippet:-1, max-image-preview:large, max-video-preview:-1\" \/>\n<link rel=\"canonical\" href=\"https:\/\/religionstars.com\/pt-br\/star\/jose-antonio-primo-de-rivera\/\" \/>\n<meta property=\"og:locale\" content=\"pt_BR\" \/>\n<meta property=\"og:type\" content=\"article\" \/>\n<meta property=\"og:title\" content=\"Religi\u00e3o de Jos\u00e9 Antonio Primo de Rivera\" \/>\n<meta property=\"og:description\" content=\"Descubra a religi\u00e3o de Jos\u00e9 Antonio Primo de Rivera. Informa\u00e7\u00f5es sobre as cren\u00e7as religiosas desta celebridade no ReligionStars.\" \/>\n<meta property=\"og:url\" content=\"https:\/\/religionstars.com\/pt-br\/star\/jose-antonio-primo-de-rivera\/\" \/>\n<meta property=\"og:site_name\" content=\"Religion Stars\" \/>\n<meta name=\"twitter:card\" content=\"summary_large_image\" \/>\n<script type=\"application\/ld+json\" class=\"yoast-schema-graph\">{\"@context\":\"https:\\\/\\\/schema.org\",\"@graph\":[{\"@type\":\"WebPage\",\"@id\":\"https:\\\/\\\/religionstars.com\\\/pt-br\\\/star\\\/jose-antonio-primo-de-rivera\\\/\",\"url\":\"https:\\\/\\\/religionstars.com\\\/pt-br\\\/star\\\/jose-antonio-primo-de-rivera\\\/\",\"name\":\"Religi\u00e3o de Jos\u00e9 Antonio Primo de Rivera\",\"isPartOf\":{\"@id\":\"https:\\\/\\\/religionstars.com\\\/pt-br\\\/#website\"},\"datePublished\":\"2026-01-15T18:13:36+00:00\",\"description\":\"Descubra a religi\u00e3o de Jos\u00e9 Antonio Primo de Rivera. Informa\u00e7\u00f5es sobre as cren\u00e7as religiosas desta celebridade no ReligionStars.\",\"breadcrumb\":{\"@id\":\"https:\\\/\\\/religionstars.com\\\/pt-br\\\/star\\\/jose-antonio-primo-de-rivera\\\/#breadcrumb\"},\"inLanguage\":\"pt-BR\",\"potentialAction\":[{\"@type\":\"ReadAction\",\"target\":[\"https:\\\/\\\/religionstars.com\\\/pt-br\\\/star\\\/jose-antonio-primo-de-rivera\\\/\"]}]},{\"@type\":\"BreadcrumbList\",\"@id\":\"https:\\\/\\\/religionstars.com\\\/pt-br\\\/star\\\/jose-antonio-primo-de-rivera\\\/#breadcrumb\",\"itemListElement\":[{\"@type\":\"ListItem\",\"position\":1,\"name\":\"P\u00e1gina inicial\",\"item\":\"https:\\\/\\\/religionstars.com\\\/pt-br\\\/pagina-inicial\\\/\"},{\"@type\":\"ListItem\",\"position\":2,\"name\":\"Celebridades\",\"item\":\"https:\\\/\\\/religionstars.com\\\/pt-br\\\/star\\\/\"},{\"@type\":\"ListItem\",\"position\":3,\"name\":\"Jos\u00e9 Antonio Primo de Rivera\"}]},{\"@type\":\"WebSite\",\"@id\":\"https:\\\/\\\/religionstars.com\\\/pt-br\\\/#website\",\"url\":\"https:\\\/\\\/religionstars.com\\\/pt-br\\\/\",\"name\":\"Religion Stars\",\"description\":\"The faith and beliefs of famous people\",\"publisher\":{\"@id\":\"https:\\\/\\\/religionstars.com\\\/pt-br\\\/#organization\"},\"potentialAction\":[{\"@type\":\"SearchAction\",\"target\":{\"@type\":\"EntryPoint\",\"urlTemplate\":\"https:\\\/\\\/religionstars.com\\\/pt-br\\\/?s={search_term_string}\"},\"query-input\":{\"@type\":\"PropertyValueSpecification\",\"valueRequired\":true,\"valueName\":\"search_term_string\"}}],\"inLanguage\":\"pt-BR\"},{\"@type\":\"Organization\",\"@id\":\"https:\\\/\\\/religionstars.com\\\/pt-br\\\/#organization\",\"name\":\"Religion Stars\",\"url\":\"https:\\\/\\\/religionstars.com\\\/pt-br\\\/\",\"logo\":{\"@type\":\"ImageObject\",\"inLanguage\":\"pt-BR\",\"@id\":\"https:\\\/\\\/religionstars.com\\\/pt-br\\\/#\\\/schema\\\/logo\\\/image\\\/\",\"url\":\"https:\\\/\\\/religionstars.com\\\/wp-content\\\/uploads\\\/2025\\\/07\\\/cropped-Logo-Favicon-fond-clair.png\",\"contentUrl\":\"https:\\\/\\\/religionstars.com\\\/wp-content\\\/uploads\\\/2025\\\/07\\\/cropped-Logo-Favicon-fond-clair.png\",\"width\":512,\"height\":276,\"caption\":\"Religion Stars\"},\"image\":{\"@id\":\"https:\\\/\\\/religionstars.com\\\/pt-br\\\/#\\\/schema\\\/logo\\\/image\\\/\"}}]}<\/script>\n<!-- \/ Yoast SEO plugin. -->","yoast_head_json":{"title":"Religi\u00e3o de Jos\u00e9 Antonio Primo de Rivera","description":"Descubra a religi\u00e3o de Jos\u00e9 Antonio Primo de Rivera. Informa\u00e7\u00f5es sobre as cren\u00e7as religiosas desta celebridade no ReligionStars.","robots":{"index":"index","follow":"follow","max-snippet":"max-snippet:-1","max-image-preview":"max-image-preview:large","max-video-preview":"max-video-preview:-1"},"canonical":"https:\/\/religionstars.com\/pt-br\/star\/jose-antonio-primo-de-rivera\/","og_locale":"pt_BR","og_type":"article","og_title":"Religi\u00e3o de Jos\u00e9 Antonio Primo de Rivera","og_description":"Descubra a religi\u00e3o de Jos\u00e9 Antonio Primo de Rivera. Informa\u00e7\u00f5es sobre as cren\u00e7as religiosas desta celebridade no ReligionStars.","og_url":"https:\/\/religionstars.com\/pt-br\/star\/jose-antonio-primo-de-rivera\/","og_site_name":"Religion Stars","twitter_card":"summary_large_image","schema":{"@context":"https:\/\/schema.org","@graph":[{"@type":"WebPage","@id":"https:\/\/religionstars.com\/pt-br\/star\/jose-antonio-primo-de-rivera\/","url":"https:\/\/religionstars.com\/pt-br\/star\/jose-antonio-primo-de-rivera\/","name":"Religi\u00e3o de Jos\u00e9 Antonio Primo de Rivera","isPartOf":{"@id":"https:\/\/religionstars.com\/pt-br\/#website"},"datePublished":"2026-01-15T18:13:36+00:00","description":"Descubra a religi\u00e3o de Jos\u00e9 Antonio Primo de Rivera. Informa\u00e7\u00f5es sobre as cren\u00e7as religiosas desta celebridade no ReligionStars.","breadcrumb":{"@id":"https:\/\/religionstars.com\/pt-br\/star\/jose-antonio-primo-de-rivera\/#breadcrumb"},"inLanguage":"pt-BR","potentialAction":[{"@type":"ReadAction","target":["https:\/\/religionstars.com\/pt-br\/star\/jose-antonio-primo-de-rivera\/"]}]},{"@type":"BreadcrumbList","@id":"https:\/\/religionstars.com\/pt-br\/star\/jose-antonio-primo-de-rivera\/#breadcrumb","itemListElement":[{"@type":"ListItem","position":1,"name":"P\u00e1gina inicial","item":"https:\/\/religionstars.com\/pt-br\/pagina-inicial\/"},{"@type":"ListItem","position":2,"name":"Celebridades","item":"https:\/\/religionstars.com\/pt-br\/star\/"},{"@type":"ListItem","position":3,"name":"Jos\u00e9 Antonio Primo de Rivera"}]},{"@type":"WebSite","@id":"https:\/\/religionstars.com\/pt-br\/#website","url":"https:\/\/religionstars.com\/pt-br\/","name":"Religion Stars","description":"The faith and beliefs of famous people","publisher":{"@id":"https:\/\/religionstars.com\/pt-br\/#organization"},"potentialAction":[{"@type":"SearchAction","target":{"@type":"EntryPoint","urlTemplate":"https:\/\/religionstars.com\/pt-br\/?s={search_term_string}"},"query-input":{"@type":"PropertyValueSpecification","valueRequired":true,"valueName":"search_term_string"}}],"inLanguage":"pt-BR"},{"@type":"Organization","@id":"https:\/\/religionstars.com\/pt-br\/#organization","name":"Religion Stars","url":"https:\/\/religionstars.com\/pt-br\/","logo":{"@type":"ImageObject","inLanguage":"pt-BR","@id":"https:\/\/religionstars.com\/pt-br\/#\/schema\/logo\/image\/","url":"https:\/\/religionstars.com\/wp-content\/uploads\/2025\/07\/cropped-Logo-Favicon-fond-clair.png","contentUrl":"https:\/\/religionstars.com\/wp-content\/uploads\/2025\/07\/cropped-Logo-Favicon-fond-clair.png","width":512,"height":276,"caption":"Religion Stars"},"image":{"@id":"https:\/\/religionstars.com\/pt-br\/#\/schema\/logo\/image\/"}}]}},"taxonomy_info":{"pays":[{"value":550,"label":"Espanha"}],"religion":[{"value":497,"label":"N\u00e3o especificado"}],"type-celebrite":[{"value":618,"label":"Pol\u00edtica"}]},"featured_image_src_large":false,"author_info":[],"comment_info":"","_links":{"self":[{"href":"https:\/\/religionstars.com\/pt-br\/wp-json\/wp\/v2\/stars\/17702","targetHints":{"allow":["GET"]}}],"collection":[{"href":"https:\/\/religionstars.com\/pt-br\/wp-json\/wp\/v2\/stars"}],"about":[{"href":"https:\/\/religionstars.com\/pt-br\/wp-json\/wp\/v2\/types\/star"}],"wp:attachment":[{"href":"https:\/\/religionstars.com\/pt-br\/wp-json\/wp\/v2\/media?parent=17702"}],"wp:term":[{"taxonomy":"pays","embeddable":true,"href":"https:\/\/religionstars.com\/pt-br\/wp-json\/wp\/v2\/pays?post=17702"},{"taxonomy":"religion","embeddable":true,"href":"https:\/\/religionstars.com\/pt-br\/wp-json\/wp\/v2\/religion?post=17702"},{"taxonomy":"type-celebrite","embeddable":true,"href":"https:\/\/religionstars.com\/pt-br\/wp-json\/wp\/v2\/type-celebrite?post=17702"}],"curies":[{"name":"wp","href":"https:\/\/api.w.org\/{rel}","templated":true}]}}