{"id":13954,"date":"2026-01-16T15:42:02","date_gmt":"2026-01-16T13:42:02","guid":{"rendered":"https:\/\/religionstars.com\/star\/pedro-i\/"},"modified":"2026-01-16T15:42:02","modified_gmt":"2026-01-16T13:42:02","slug":"pedro-i","status":"publish","type":"star","link":"https:\/\/religionstars.com\/pt-br\/star\/pedro-i\/","title":{"rendered":"Pedro I"},"content":{"rendered":"","protected":false},"excerpt":{"rendered":"","protected":false},"featured_media":0,"template":"","meta":{"_acf_changed":false,"_kad_blocks_custom_css":"","_kad_blocks_head_custom_js":"","_kad_blocks_body_custom_js":"","_kad_blocks_footer_custom_js":"","_kadence_starter_templates_imported_post":false,"_kad_post_transparent":"","_kad_post_title":"","_kad_post_layout":"","_kad_post_sidebar_id":"","_kad_post_content_style":"","_kad_post_vertical_padding":"","_kad_post_feature":"","_kad_post_feature_position":"","_kad_post_header":false,"_kad_post_footer":false,"_kad_post_classname":""},"pays":[603],"religion":[497],"type-celebrite":[618],"class_list":["post-13954","star","type-star","status-publish","hentry","pays-brasil","religion-nao-especificado","type-celebrite-politica"],"acf":{"justification":"Pedro I, nascido Dom Pedro de Alc\u00e2ntara, foi o primeiro imperador do Brasil e desempenhou um papel fundamental na independ\u00eancia do pa\u00eds de Portugal em 1822. Sua fam\u00edlia era origin\u00e1ria de Portugal, pois ele era filho do rei Jo\u00e3o VI de Portugal. Embora sua educa\u00e7\u00e3o tenha sido influenciada pelo catolicismo, n\u00e3o h\u00e1 registro oficial de sua pr\u00e1tica religiosa pessoal.","statut_confirmation":"non_confirm"},"yoast_head":"<!-- This site is optimized with the Yoast SEO plugin v27.5 - https:\/\/yoast.com\/product\/yoast-seo-wordpress\/ -->\n<title>Religi\u00e3o de Pedro I<\/title>\n<meta name=\"description\" content=\"Descubra a religi\u00e3o de Pedro I. Informa\u00e7\u00f5es sobre as cren\u00e7as religiosas desta celebridade no ReligionStars.\" \/>\n<meta name=\"robots\" content=\"index, follow, max-snippet:-1, max-image-preview:large, max-video-preview:-1\" \/>\n<link rel=\"canonical\" href=\"https:\/\/religionstars.com\/pt-br\/star\/pedro-i\/\" \/>\n<meta property=\"og:locale\" content=\"pt_BR\" \/>\n<meta property=\"og:type\" content=\"article\" \/>\n<meta property=\"og:title\" content=\"Religi\u00e3o de Pedro I\" \/>\n<meta property=\"og:description\" content=\"Descubra a religi\u00e3o de Pedro I. Informa\u00e7\u00f5es sobre as cren\u00e7as religiosas desta celebridade no ReligionStars.\" \/>\n<meta property=\"og:url\" content=\"https:\/\/religionstars.com\/pt-br\/star\/pedro-i\/\" \/>\n<meta property=\"og:site_name\" content=\"Religion Stars\" \/>\n<meta name=\"twitter:card\" content=\"summary_large_image\" \/>\n<script type=\"application\/ld+json\" class=\"yoast-schema-graph\">{\"@context\":\"https:\\\/\\\/schema.org\",\"@graph\":[{\"@type\":\"WebPage\",\"@id\":\"https:\\\/\\\/religionstars.com\\\/pt-br\\\/star\\\/pedro-i\\\/\",\"url\":\"https:\\\/\\\/religionstars.com\\\/pt-br\\\/star\\\/pedro-i\\\/\",\"name\":\"Religi\u00e3o de Pedro I\",\"isPartOf\":{\"@id\":\"https:\\\/\\\/religionstars.com\\\/pt-br\\\/#website\"},\"datePublished\":\"2026-01-16T13:42:02+00:00\",\"description\":\"Descubra a religi\u00e3o de Pedro I. Informa\u00e7\u00f5es sobre as cren\u00e7as religiosas desta celebridade no ReligionStars.\",\"breadcrumb\":{\"@id\":\"https:\\\/\\\/religionstars.com\\\/pt-br\\\/star\\\/pedro-i\\\/#breadcrumb\"},\"inLanguage\":\"pt-BR\",\"potentialAction\":[{\"@type\":\"ReadAction\",\"target\":[\"https:\\\/\\\/religionstars.com\\\/pt-br\\\/star\\\/pedro-i\\\/\"]}]},{\"@type\":\"BreadcrumbList\",\"@id\":\"https:\\\/\\\/religionstars.com\\\/pt-br\\\/star\\\/pedro-i\\\/#breadcrumb\",\"itemListElement\":[{\"@type\":\"ListItem\",\"position\":1,\"name\":\"P\u00e1gina inicial\",\"item\":\"https:\\\/\\\/religionstars.com\\\/pt-br\\\/pagina-inicial\\\/\"},{\"@type\":\"ListItem\",\"position\":2,\"name\":\"Celebridades\",\"item\":\"https:\\\/\\\/religionstars.com\\\/pt-br\\\/star\\\/\"},{\"@type\":\"ListItem\",\"position\":3,\"name\":\"Pedro I\"}]},{\"@type\":\"WebSite\",\"@id\":\"https:\\\/\\\/religionstars.com\\\/pt-br\\\/#website\",\"url\":\"https:\\\/\\\/religionstars.com\\\/pt-br\\\/\",\"name\":\"Religion Stars\",\"description\":\"The faith and beliefs of famous people\",\"publisher\":{\"@id\":\"https:\\\/\\\/religionstars.com\\\/pt-br\\\/#organization\"},\"potentialAction\":[{\"@type\":\"SearchAction\",\"target\":{\"@type\":\"EntryPoint\",\"urlTemplate\":\"https:\\\/\\\/religionstars.com\\\/pt-br\\\/?s={search_term_string}\"},\"query-input\":{\"@type\":\"PropertyValueSpecification\",\"valueRequired\":true,\"valueName\":\"search_term_string\"}}],\"inLanguage\":\"pt-BR\"},{\"@type\":\"Organization\",\"@id\":\"https:\\\/\\\/religionstars.com\\\/pt-br\\\/#organization\",\"name\":\"Religion Stars\",\"url\":\"https:\\\/\\\/religionstars.com\\\/pt-br\\\/\",\"logo\":{\"@type\":\"ImageObject\",\"inLanguage\":\"pt-BR\",\"@id\":\"https:\\\/\\\/religionstars.com\\\/pt-br\\\/#\\\/schema\\\/logo\\\/image\\\/\",\"url\":\"https:\\\/\\\/religionstars.com\\\/wp-content\\\/uploads\\\/2025\\\/07\\\/cropped-Logo-Favicon-fond-clair.png\",\"contentUrl\":\"https:\\\/\\\/religionstars.com\\\/wp-content\\\/uploads\\\/2025\\\/07\\\/cropped-Logo-Favicon-fond-clair.png\",\"width\":512,\"height\":276,\"caption\":\"Religion Stars\"},\"image\":{\"@id\":\"https:\\\/\\\/religionstars.com\\\/pt-br\\\/#\\\/schema\\\/logo\\\/image\\\/\"}}]}<\/script>\n<!-- \/ Yoast SEO plugin. -->","yoast_head_json":{"title":"Religi\u00e3o de Pedro I","description":"Descubra a religi\u00e3o de Pedro I. Informa\u00e7\u00f5es sobre as cren\u00e7as religiosas desta celebridade no ReligionStars.","robots":{"index":"index","follow":"follow","max-snippet":"max-snippet:-1","max-image-preview":"max-image-preview:large","max-video-preview":"max-video-preview:-1"},"canonical":"https:\/\/religionstars.com\/pt-br\/star\/pedro-i\/","og_locale":"pt_BR","og_type":"article","og_title":"Religi\u00e3o de Pedro I","og_description":"Descubra a religi\u00e3o de Pedro I. Informa\u00e7\u00f5es sobre as cren\u00e7as religiosas desta celebridade no ReligionStars.","og_url":"https:\/\/religionstars.com\/pt-br\/star\/pedro-i\/","og_site_name":"Religion Stars","twitter_card":"summary_large_image","schema":{"@context":"https:\/\/schema.org","@graph":[{"@type":"WebPage","@id":"https:\/\/religionstars.com\/pt-br\/star\/pedro-i\/","url":"https:\/\/religionstars.com\/pt-br\/star\/pedro-i\/","name":"Religi\u00e3o de Pedro I","isPartOf":{"@id":"https:\/\/religionstars.com\/pt-br\/#website"},"datePublished":"2026-01-16T13:42:02+00:00","description":"Descubra a religi\u00e3o de Pedro I. Informa\u00e7\u00f5es sobre as cren\u00e7as religiosas desta celebridade no ReligionStars.","breadcrumb":{"@id":"https:\/\/religionstars.com\/pt-br\/star\/pedro-i\/#breadcrumb"},"inLanguage":"pt-BR","potentialAction":[{"@type":"ReadAction","target":["https:\/\/religionstars.com\/pt-br\/star\/pedro-i\/"]}]},{"@type":"BreadcrumbList","@id":"https:\/\/religionstars.com\/pt-br\/star\/pedro-i\/#breadcrumb","itemListElement":[{"@type":"ListItem","position":1,"name":"P\u00e1gina inicial","item":"https:\/\/religionstars.com\/pt-br\/pagina-inicial\/"},{"@type":"ListItem","position":2,"name":"Celebridades","item":"https:\/\/religionstars.com\/pt-br\/star\/"},{"@type":"ListItem","position":3,"name":"Pedro I"}]},{"@type":"WebSite","@id":"https:\/\/religionstars.com\/pt-br\/#website","url":"https:\/\/religionstars.com\/pt-br\/","name":"Religion Stars","description":"The faith and beliefs of famous people","publisher":{"@id":"https:\/\/religionstars.com\/pt-br\/#organization"},"potentialAction":[{"@type":"SearchAction","target":{"@type":"EntryPoint","urlTemplate":"https:\/\/religionstars.com\/pt-br\/?s={search_term_string}"},"query-input":{"@type":"PropertyValueSpecification","valueRequired":true,"valueName":"search_term_string"}}],"inLanguage":"pt-BR"},{"@type":"Organization","@id":"https:\/\/religionstars.com\/pt-br\/#organization","name":"Religion Stars","url":"https:\/\/religionstars.com\/pt-br\/","logo":{"@type":"ImageObject","inLanguage":"pt-BR","@id":"https:\/\/religionstars.com\/pt-br\/#\/schema\/logo\/image\/","url":"https:\/\/religionstars.com\/wp-content\/uploads\/2025\/07\/cropped-Logo-Favicon-fond-clair.png","contentUrl":"https:\/\/religionstars.com\/wp-content\/uploads\/2025\/07\/cropped-Logo-Favicon-fond-clair.png","width":512,"height":276,"caption":"Religion Stars"},"image":{"@id":"https:\/\/religionstars.com\/pt-br\/#\/schema\/logo\/image\/"}}]}},"taxonomy_info":{"pays":[{"value":603,"label":"Brasil"}],"religion":[{"value":497,"label":"N\u00e3o especificado"}],"type-celebrite":[{"value":618,"label":"Pol\u00edtica"}]},"featured_image_src_large":false,"author_info":[],"comment_info":"","_links":{"self":[{"href":"https:\/\/religionstars.com\/pt-br\/wp-json\/wp\/v2\/stars\/13954","targetHints":{"allow":["GET"]}}],"collection":[{"href":"https:\/\/religionstars.com\/pt-br\/wp-json\/wp\/v2\/stars"}],"about":[{"href":"https:\/\/religionstars.com\/pt-br\/wp-json\/wp\/v2\/types\/star"}],"wp:attachment":[{"href":"https:\/\/religionstars.com\/pt-br\/wp-json\/wp\/v2\/media?parent=13954"}],"wp:term":[{"taxonomy":"pays","embeddable":true,"href":"https:\/\/religionstars.com\/pt-br\/wp-json\/wp\/v2\/pays?post=13954"},{"taxonomy":"religion","embeddable":true,"href":"https:\/\/religionstars.com\/pt-br\/wp-json\/wp\/v2\/religion?post=13954"},{"taxonomy":"type-celebrite","embeddable":true,"href":"https:\/\/religionstars.com\/pt-br\/wp-json\/wp\/v2\/type-celebrite?post=13954"}],"curies":[{"name":"wp","href":"https:\/\/api.w.org\/{rel}","templated":true}]}}