{"id":26413,"date":"2026-01-15T13:17:02","date_gmt":"2026-01-15T11:17:02","guid":{"rendered":"https:\/\/religionstars.com\/star\/francois-faber\/"},"modified":"2026-01-15T13:17:02","modified_gmt":"2026-01-15T11:17:02","slug":"francois-faber","status":"publish","type":"star","link":"https:\/\/religionstars.com\/es\/star\/francois-faber\/","title":{"rendered":"Fran\u00e7ois Faber"},"content":{"rendered":"","protected":false},"excerpt":{"rendered":"","protected":false},"featured_media":0,"template":"","meta":{"_acf_changed":false,"_kad_blocks_custom_css":"","_kad_blocks_head_custom_js":"","_kad_blocks_body_custom_js":"","_kad_blocks_footer_custom_js":"","_kadence_starter_templates_imported_post":false,"_kad_post_transparent":"","_kad_post_title":"","_kad_post_layout":"","_kad_post_sidebar_id":"","_kad_post_content_style":"","_kad_post_vertical_padding":"","_kad_post_feature":"","_kad_post_feature_position":"","_kad_post_header":false,"_kad_post_footer":false,"_kad_post_classname":""},"pays":[1099],"religion":[500],"type-celebrite":[608],"class_list":["post-26413","star","type-star","status-publish","hentry","pays-luxembourg","religion-no-especificado","type-celebrite-deportes"],"acf":{"justification":"Fran\u00e7ois Faber era un ciclista profesional luxemburgu\u00e9s, nacido en Luxemburgo en 1887. Gan\u00f3 el Tour de Francia en 1909, lo que lo hizo famoso en el mundo del ciclismo. Sin embargo, no existe informaci\u00f3n precisa sobre su religi\u00f3n o sus creencias personales.","statut_confirmation":"no_confirmado"},"yoast_head":"<!-- This site is optimized with the Yoast SEO plugin v27.5 - https:\/\/yoast.com\/product\/yoast-seo-wordpress\/ -->\n<title>Religi\u00f3n de Fran\u00e7ois Faber<\/title>\n<meta name=\"description\" content=\"Descubre la religi\u00f3n de Fran\u00e7ois Faber. Informaci\u00f3n sobre las creencias religiosas de esta celebridad en ReligionStars.\" \/>\n<meta name=\"robots\" content=\"index, follow, max-snippet:-1, max-image-preview:large, max-video-preview:-1\" \/>\n<link rel=\"canonical\" href=\"https:\/\/religionstars.com\/es\/star\/francois-faber\/\" \/>\n<meta property=\"og:locale\" content=\"es_ES\" \/>\n<meta property=\"og:type\" content=\"article\" \/>\n<meta property=\"og:title\" content=\"Religi\u00f3n de Fran\u00e7ois Faber\" \/>\n<meta property=\"og:description\" content=\"Descubre la religi\u00f3n de Fran\u00e7ois Faber. Informaci\u00f3n sobre las creencias religiosas de esta celebridad en ReligionStars.\" \/>\n<meta property=\"og:url\" content=\"https:\/\/religionstars.com\/es\/star\/francois-faber\/\" \/>\n<meta property=\"og:site_name\" content=\"Religion Stars\" \/>\n<meta name=\"twitter:card\" content=\"summary_large_image\" \/>\n<script type=\"application\/ld+json\" class=\"yoast-schema-graph\">{\"@context\":\"https:\\\/\\\/schema.org\",\"@graph\":[{\"@type\":\"WebPage\",\"@id\":\"https:\\\/\\\/religionstars.com\\\/es\\\/star\\\/francois-faber\\\/\",\"url\":\"https:\\\/\\\/religionstars.com\\\/es\\\/star\\\/francois-faber\\\/\",\"name\":\"Religi\u00f3n de Fran\u00e7ois Faber\",\"isPartOf\":{\"@id\":\"https:\\\/\\\/religionstars.com\\\/es\\\/#website\"},\"datePublished\":\"2026-01-15T11:17:02+00:00\",\"description\":\"Descubre la religi\u00f3n de Fran\u00e7ois Faber. Informaci\u00f3n sobre las creencias religiosas de esta celebridad en ReligionStars.\",\"breadcrumb\":{\"@id\":\"https:\\\/\\\/religionstars.com\\\/es\\\/star\\\/francois-faber\\\/#breadcrumb\"},\"inLanguage\":\"es\",\"potentialAction\":[{\"@type\":\"ReadAction\",\"target\":[\"https:\\\/\\\/religionstars.com\\\/es\\\/star\\\/francois-faber\\\/\"]}]},{\"@type\":\"BreadcrumbList\",\"@id\":\"https:\\\/\\\/religionstars.com\\\/es\\\/star\\\/francois-faber\\\/#breadcrumb\",\"itemListElement\":[{\"@type\":\"ListItem\",\"position\":1,\"name\":\"Inicio\",\"item\":\"https:\\\/\\\/religionstars.com\\\/es\\\/pagina-de-inicio\\\/\"},{\"@type\":\"ListItem\",\"position\":2,\"name\":\"Famosos\",\"item\":\"https:\\\/\\\/religionstars.com\\\/es\\\/star\\\/\"},{\"@type\":\"ListItem\",\"position\":3,\"name\":\"Fran\u00e7ois Faber\"}]},{\"@type\":\"WebSite\",\"@id\":\"https:\\\/\\\/religionstars.com\\\/es\\\/#website\",\"url\":\"https:\\\/\\\/religionstars.com\\\/es\\\/\",\"name\":\"Religion Stars\",\"description\":\"The faith and beliefs of famous people\",\"publisher\":{\"@id\":\"https:\\\/\\\/religionstars.com\\\/es\\\/#organization\"},\"potentialAction\":[{\"@type\":\"SearchAction\",\"target\":{\"@type\":\"EntryPoint\",\"urlTemplate\":\"https:\\\/\\\/religionstars.com\\\/es\\\/?s={search_term_string}\"},\"query-input\":{\"@type\":\"PropertyValueSpecification\",\"valueRequired\":true,\"valueName\":\"search_term_string\"}}],\"inLanguage\":\"es\"},{\"@type\":\"Organization\",\"@id\":\"https:\\\/\\\/religionstars.com\\\/es\\\/#organization\",\"name\":\"Religion Stars\",\"url\":\"https:\\\/\\\/religionstars.com\\\/es\\\/\",\"logo\":{\"@type\":\"ImageObject\",\"inLanguage\":\"es\",\"@id\":\"https:\\\/\\\/religionstars.com\\\/es\\\/#\\\/schema\\\/logo\\\/image\\\/\",\"url\":\"https:\\\/\\\/religionstars.com\\\/wp-content\\\/uploads\\\/2025\\\/07\\\/cropped-Logo-Favicon-fond-clair.png\",\"contentUrl\":\"https:\\\/\\\/religionstars.com\\\/wp-content\\\/uploads\\\/2025\\\/07\\\/cropped-Logo-Favicon-fond-clair.png\",\"width\":512,\"height\":276,\"caption\":\"Religion Stars\"},\"image\":{\"@id\":\"https:\\\/\\\/religionstars.com\\\/es\\\/#\\\/schema\\\/logo\\\/image\\\/\"}}]}<\/script>\n<!-- \/ Yoast SEO plugin. -->","yoast_head_json":{"title":"Religi\u00f3n de Fran\u00e7ois Faber","description":"Descubre la religi\u00f3n de Fran\u00e7ois Faber. Informaci\u00f3n sobre las creencias religiosas de esta celebridad en ReligionStars.","robots":{"index":"index","follow":"follow","max-snippet":"max-snippet:-1","max-image-preview":"max-image-preview:large","max-video-preview":"max-video-preview:-1"},"canonical":"https:\/\/religionstars.com\/es\/star\/francois-faber\/","og_locale":"es_ES","og_type":"article","og_title":"Religi\u00f3n de Fran\u00e7ois Faber","og_description":"Descubre la religi\u00f3n de Fran\u00e7ois Faber. Informaci\u00f3n sobre las creencias religiosas de esta celebridad en ReligionStars.","og_url":"https:\/\/religionstars.com\/es\/star\/francois-faber\/","og_site_name":"Religion Stars","twitter_card":"summary_large_image","schema":{"@context":"https:\/\/schema.org","@graph":[{"@type":"WebPage","@id":"https:\/\/religionstars.com\/es\/star\/francois-faber\/","url":"https:\/\/religionstars.com\/es\/star\/francois-faber\/","name":"Religi\u00f3n de Fran\u00e7ois Faber","isPartOf":{"@id":"https:\/\/religionstars.com\/es\/#website"},"datePublished":"2026-01-15T11:17:02+00:00","description":"Descubre la religi\u00f3n de Fran\u00e7ois Faber. Informaci\u00f3n sobre las creencias religiosas de esta celebridad en ReligionStars.","breadcrumb":{"@id":"https:\/\/religionstars.com\/es\/star\/francois-faber\/#breadcrumb"},"inLanguage":"es","potentialAction":[{"@type":"ReadAction","target":["https:\/\/religionstars.com\/es\/star\/francois-faber\/"]}]},{"@type":"BreadcrumbList","@id":"https:\/\/religionstars.com\/es\/star\/francois-faber\/#breadcrumb","itemListElement":[{"@type":"ListItem","position":1,"name":"Inicio","item":"https:\/\/religionstars.com\/es\/pagina-de-inicio\/"},{"@type":"ListItem","position":2,"name":"Famosos","item":"https:\/\/religionstars.com\/es\/star\/"},{"@type":"ListItem","position":3,"name":"Fran\u00e7ois Faber"}]},{"@type":"WebSite","@id":"https:\/\/religionstars.com\/es\/#website","url":"https:\/\/religionstars.com\/es\/","name":"Religion Stars","description":"The faith and beliefs of famous people","publisher":{"@id":"https:\/\/religionstars.com\/es\/#organization"},"potentialAction":[{"@type":"SearchAction","target":{"@type":"EntryPoint","urlTemplate":"https:\/\/religionstars.com\/es\/?s={search_term_string}"},"query-input":{"@type":"PropertyValueSpecification","valueRequired":true,"valueName":"search_term_string"}}],"inLanguage":"es"},{"@type":"Organization","@id":"https:\/\/religionstars.com\/es\/#organization","name":"Religion Stars","url":"https:\/\/religionstars.com\/es\/","logo":{"@type":"ImageObject","inLanguage":"es","@id":"https:\/\/religionstars.com\/es\/#\/schema\/logo\/image\/","url":"https:\/\/religionstars.com\/wp-content\/uploads\/2025\/07\/cropped-Logo-Favicon-fond-clair.png","contentUrl":"https:\/\/religionstars.com\/wp-content\/uploads\/2025\/07\/cropped-Logo-Favicon-fond-clair.png","width":512,"height":276,"caption":"Religion Stars"},"image":{"@id":"https:\/\/religionstars.com\/es\/#\/schema\/logo\/image\/"}}]}},"taxonomy_info":{"pays":[{"value":1099,"label":"Luxembourg"}],"religion":[{"value":500,"label":"No especificado"}],"type-celebrite":[{"value":608,"label":"Deportes"}]},"featured_image_src_large":false,"author_info":[],"comment_info":"","_links":{"self":[{"href":"https:\/\/religionstars.com\/es\/wp-json\/wp\/v2\/stars\/26413","targetHints":{"allow":["GET"]}}],"collection":[{"href":"https:\/\/religionstars.com\/es\/wp-json\/wp\/v2\/stars"}],"about":[{"href":"https:\/\/religionstars.com\/es\/wp-json\/wp\/v2\/types\/star"}],"wp:attachment":[{"href":"https:\/\/religionstars.com\/es\/wp-json\/wp\/v2\/media?parent=26413"}],"wp:term":[{"taxonomy":"pays","embeddable":true,"href":"https:\/\/religionstars.com\/es\/wp-json\/wp\/v2\/pays?post=26413"},{"taxonomy":"religion","embeddable":true,"href":"https:\/\/religionstars.com\/es\/wp-json\/wp\/v2\/religion?post=26413"},{"taxonomy":"type-celebrite","embeddable":true,"href":"https:\/\/religionstars.com\/es\/wp-json\/wp\/v2\/type-celebrite?post=26413"}],"curies":[{"name":"wp","href":"https:\/\/api.w.org\/{rel}","templated":true}]}}